{"id":3737,"date":"2018-01-29T18:27:37","date_gmt":"2018-01-29T17:27:37","guid":{"rendered":"https:\/\/caas-mali.de\/?page_id=3737"},"modified":"2025-01-26T01:03:35","modified_gmt":"2025-01-26T00:03:35","slug":"situation","status":"publish","type":"page","link":"https:\/\/caas-mali.de\/fr\/situation\/","title":{"rendered":"Situation"},"content":{"rendered":"\n<figure class=\"wp-block-image size-full\"><img loading=\"lazy\" decoding=\"async\" width=\"1024\" height=\"521\" src=\"https:\/\/caas-mali.de\/wp-content\/uploads\/2023\/08\/Siby.jpg\" alt=\"\" class=\"wp-image-1587\" srcset=\"https:\/\/caas-mali.de\/wp-content\/uploads\/2023\/08\/Siby.jpg 1024w, https:\/\/caas-mali.de\/wp-content\/uploads\/2023\/08\/Siby-300x153.jpg 300w, https:\/\/caas-mali.de\/wp-content\/uploads\/2023\/08\/Siby-768x391.jpg 768w\" sizes=\"auto, (max-width: 1024px) 100vw, 1024px\" \/><figcaption class=\"wp-element-caption\">Siby \u00a9TravelTelly&nbsp;<\/figcaption><\/figure>\n\n\n\n<p class=\"wp-block-paragraph\"><strong>Le Mali<\/strong>, pays enclav\u00e9 d&rsquo;Afrique de l&rsquo;Ouest, a une superficie de plus de 1,2 million de kilom\u00e8tres carr\u00e9s, soit environ trois fois celle de l&rsquo;Allemagne. Sur 1700 km sur l&rsquo;axe nord-sud, le Mali enjambe trois zones climatiques et de v\u00e9g\u00e9tation.\u00a0<\/p>\n\n\n\n<p class=\"wp-block-paragraph\">Le nord du Mali est situ\u00e9 dans le Sahara. Il couvre environ un tiers du pays et est presque vide d&rsquo;habitants. Les anciens comptoirs de Tombouctou et de Gao se trouvent \u00e0 sa fronti\u00e8re sud.&nbsp;<\/p>\n\n\n\n<p class=\"wp-block-paragraph\">La partie centrale du pays, adjacente au sud, la zone sah\u00e9lienne, comprend un autre tiers, caract\u00e9ris\u00e9 par la steppe s\u00e8che et la savane \u00e9pineuse. Ici, on compte g\u00e9n\u00e9ralement moins de 10 habitants au kilom\u00e8tre carr\u00e9. Les pr\u00e9cipitations annuelles sont de l&rsquo;ordre de 700 \u00e0 1200 mm. La population, essentiellement nomade, vit du pastoralisme ; dans la partie sud, elle cultive \u00e9galement le mil et le sorgho ; dans le pays Dogon, elle cultive \u00e9galement l&rsquo;\u00e9chalote.<\/p>\n\n\n\n<p class=\"wp-block-paragraph\">La plupart des quelques 20 millions d&rsquo;habitants du Mali vivent dans le tiers sud du pays, plus fertile : la savane humide. C&rsquo;est l\u00e0 que sont cultiv\u00e9es toutes les plantes typiques de l&rsquo;ouest du Soudan.&nbsp;<\/p>\n\n\n\n<div class=\"wp-block-media-text is-stacked-on-mobile\"><figure class=\"wp-block-media-text__media\"><img loading=\"lazy\" decoding=\"async\" width=\"1024\" height=\"767\" src=\"https:\/\/caas-mali.de\/wp-content\/uploads\/2024\/09\/Koumaira1.jpg\" alt=\"\" class=\"wp-image-2265 size-full\" srcset=\"https:\/\/caas-mali.de\/wp-content\/uploads\/2024\/09\/Koumaira1.jpg 1024w, https:\/\/caas-mali.de\/wp-content\/uploads\/2024\/09\/Koumaira1-300x225.jpg 300w, https:\/\/caas-mali.de\/wp-content\/uploads\/2024\/09\/Koumaira1-768x575.jpg 768w\" sizes=\"auto, (max-width: 1024px) 100vw, 1024px\" \/><\/figure><div class=\"wp-block-media-text__content\">\n<p class=\"wp-block-paragraph\">Le delta int\u00e9rieur du Niger se trouve au centre du pays. Gr\u00e2ce aux crues du Niger, le delta peut s&rsquo;\u00e9tendre jusqu&rsquo;\u00e0 20 000 km\u00b2 entre ao\u00fbt et novembre et offre, en plus des p\u00e2turages et des zones de p\u00eache, des surfaces riches en eau pour les cultures de post-\u00e9mergence comme les patates douces, les haricots et toutes sortes de l\u00e9gumes ainsi que pour la riziculture. Le Niger est l&rsquo;art\u00e8re vitale du Mali.<\/p>\n\n\n\n<p class=\"wp-block-paragraph\">Malgr\u00e9 l&rsquo;explosion de l&rsquo;urbanisation, la majorit\u00e9 de la population continue de travailler dans l&rsquo;agriculture. La croissance d\u00e9mographique rapide, le changement climatique et les pr\u00e9cipitations de plus en plus impr\u00e9visibles, la d\u00e9forestation, les s\u00e9cheresses, la baisse de la fertilit\u00e9 des sols et les semences pauvres r\u00e9duisent les rendements de l&rsquo;agriculture. La pauvret\u00e9 rurale s&rsquo;accro\u00eet et engendre l&rsquo;exode rural.<\/p>\n<\/div><\/div>\n\n\n\n<p class=\"wp-block-paragraph\">Le Mali pr\u00e9sente un relief plat presque monotone. Dans certaines r\u00e9gions, on trouve toutefois des restes d&rsquo;anciens massifs et de montagnes tabulaires, comme l&rsquo;impressionnante Falaise au pays Dogon ou les monts Manding au sud-ouest de Bamako. Au pied de ces pittoresques montagnes de gr\u00e8s se trouve le Centre Agro-Alimentaire Siby (CAAS) pr\u00e8s de Kalassa.<\/p>\n\n\n\n<p class=\"wp-block-paragraph\">Les pays enclav\u00e9s du Sahel souffrent de d\u00e9savantages \u00e9conomiques consid\u00e9rables par rapport aux pays c\u00f4tiers en raison des distances qui les s\u00e9parent des ports maritimes d&rsquo;Afrique de l&rsquo;Ouest. C&rsquo;est \u00e9galement le cas du Mali. Les importations et les exportations se font par la route via Dakar (S\u00e9n\u00e9gal), Conakry (Guin\u00e9e) ou Abidjan (C\u00f4te d&rsquo;Ivoire). Cela est long et co\u00fbteux. La liaison ferroviaire avec Dakar est \u00e0 l&rsquo;arr\u00eat depuis des ann\u00e9es pour des raisons techniques et politiques.&nbsp;<\/p>\n\n\n\n<p class=\"wp-block-paragraph\">En 2020, une p\u00e9riode de d\u00e9mocratie de pr\u00e8s de trente ans s&rsquo;est achev\u00e9e au Mali. Le dernier r\u00e9gime \u00e9lu d&rsquo;Ibrahim Boubacar Keita avait d\u00e9clench\u00e9 des manifestations de masse continues en raison d&rsquo;une mauvaise gestion. Un coup d&rsquo;\u00c9tat militaire a pr\u00e9c\u00e9d\u00e9 un renversement politique. Depuis, le nouveau r\u00e9gime militaire parle d&rsquo;une phase de transition. Quatre ans plus tard, la fin de cette phase n&rsquo;est toujours pas en vue. Le Mali a quitt\u00e9 la Communaut\u00e9 \u00e9conomique des \u00c9tats de l&rsquo;Afrique de l&rsquo;Ouest (CEDEAO) pour protester contre ses sanctions et s&rsquo;est associ\u00e9 en 2023 avec les r\u00e9gimes militaires du Burkina Faso et du Niger pour former l&rsquo;Alliance des \u00c9tats du Sahel (AES).<\/p>\n\n\n\n<p class=\"wp-block-paragraph\">Le r\u00e9gime militaire veut mettre fin \u00e0 l&rsquo;ins\u00e9curit\u00e9 dans le nord et le centre du pays (caus\u00e9e par les s\u00e9paratistes touaregs et les djihadistes islamistes) par des moyens militaires uniquement. C&rsquo;est pourquoi il a d\u00e9nonc\u00e9 d\u00e9but 2024 l&rsquo;accord (de paix) d&rsquo;Alger (2015). Auparavant, il s&rsquo;\u00e9tait d\u00e9j\u00e0 d\u00e9barrass\u00e9 de la mission de l&rsquo;ONU et des aides militaires occidentales pour se tourner vers la Russie et les troupes de Wagner. De grandes parties du pays \u00e9chappent au contr\u00f4le du r\u00e9gime. Le centre du pays, en particulier, est r\u00e9guli\u00e8rement le th\u00e9\u00e2tre de graves affrontements arm\u00e9s. Dans le sud du pays &#8211; o\u00f9 se trouve le CAAS &#8211; la situation est toutefois calme.&nbsp;<\/p>\n\n\n\n<p class=\"wp-block-paragraph\"><\/p>\n\n\n\n<div style=\"height:20px\" aria-hidden=\"true\" class=\"wp-block-spacer\"><\/div>\n\n\n\n<div class=\"wp-block-columns is-layout-flex wp-container-core-columns-is-layout-8f761849 wp-block-columns-is-layout-flex\">\n<div class=\"wp-block-column is-layout-flow wp-block-column-is-layout-flow\" style=\"flex-basis:66.66%\">\n<figure class=\"wp-block-image size-full\"><img loading=\"lazy\" decoding=\"async\" width=\"1024\" height=\"746\" src=\"https:\/\/caas-mali.de\/wp-content\/uploads\/2023\/08\/Mali2.jpg\" alt=\"\" class=\"wp-image-1554\" srcset=\"https:\/\/caas-mali.de\/wp-content\/uploads\/2023\/08\/Mali2.jpg 1024w, https:\/\/caas-mali.de\/wp-content\/uploads\/2023\/08\/Mali2-300x219.jpg 300w, https:\/\/caas-mali.de\/wp-content\/uploads\/2023\/08\/Mali2-768x560.jpg 768w\" sizes=\"auto, (max-width: 1024px) 100vw, 1024px\" \/><figcaption class=\"wp-element-caption\">Auszubildende im Schulgarten des CAAS \u00a9 Matthias Kestel<\/figcaption><\/figure>\n<\/div>\n\n\n\n<div class=\"wp-block-column is-layout-flow wp-block-column-is-layout-flow\" style=\"flex-basis:33.33%\">\n<p class=\"wp-block-paragraph\"><\/p>\n\n\n\n<p class=\"has-medium-font-size wp-block-paragraph\"><strong>Aktuelle Informatione<br>Informations actuellesn <\/strong><\/p>\n\n\n\n<p class=\"wp-block-paragraph\">La <a href=\"https:\/\/www.bmz.de\/de\/laender\/mali\">page pays<\/a> du Minist\u00e8re f\u00e9d\u00e9ral allemand de la Coop\u00e9ration \u00e9conomique et du D\u00e9veloppement (BMZ) offre un bon aper\u00e7u de la situation actuelle au Mali en allemand et en anglais.<\/p>\n\n\n\n<p class=\"wp-block-paragraph\">Les pages suivantes, \u00e9galement en anglais, sont concises, claires et actuelles :<\/p>\n\n\n\n<p class=\"wp-block-paragraph\"><a href=\"http:\/\/www.bbc.com\/news\/world-africa-13881370\">BBC News Country Profile \u2013 Mali<\/a><\/p>\n\n\n\n<p class=\"wp-block-paragraph\"><a href=\"https:\/\/www.ethnologue.com\/country\/ML\">Ethnologue \/ Languages of the World \u2013 Mali<\/a><\/p>\n<\/div>\n<\/div>\n\n\n\n<div style=\"height:20px\" aria-hidden=\"true\" class=\"wp-block-spacer\"><\/div>\n\n\n\n<p class=\"wp-block-paragraph\"><\/p>\n\n\n\n<div class=\"wp-block-columns is-layout-flex wp-container-core-columns-is-layout-8f761849 wp-block-columns-is-layout-flex\">\n<div class=\"wp-block-column is-layout-flow wp-block-column-is-layout-flow\" style=\"flex-basis:66.66%\">\n<p class=\"has-medium-font-size wp-block-paragraph\"><b><br><strong>Situation du CAAS dans le Mand\u00e9<\/strong><\/b><\/p>\n\n\n\n<p class=\"wp-block-paragraph\">Le CAAS est situ\u00e9 \u00e0 la p\u00e9riph\u00e9rie de la petite ville rurale de Siby, dans le village voisin de Kalassa, \u00e0 60 km au sud-ouest de la capitale malienne Bamako. Siby faisait partie du cercle de Kati jusqu&rsquo;en ao\u00fbt 2024 et a \u00e9t\u00e9 promu au rang de chef-lieu de cercle et donc de si\u00e8ge de pr\u00e9fecture ; partie de la r\u00e9gion de Koulikoro.&nbsp;<\/p>\n\n\n\n<p class=\"wp-block-paragraph\">Les deux localit\u00e9s, Siby et Kalassa, se trouvent dans la r\u00e9gion historique du Mand\u00e9 . Celui-ci ne comprend pas seulement 20 communes rurales au Mali (145 villages et une population d&rsquo;environ 450.000 habitants), mais aussi une deuxi\u00e8me partie, tout aussi importante, en Guin\u00e9e. La population du Mand\u00e9 est essentiellement compos\u00e9e de Malink\u00e9 et de Bambara, deux ethnies s\u00e9dentaires d&rsquo;agriculteurs.<\/p>\n\n\n\n<p class=\"wp-block-paragraph\">La construction de la route nationale n\u00b05 vers la Guin\u00e9e, achev\u00e9e en 2011, a donn\u00e9 une nouvelle importance \u00e0 Siby. Le march\u00e9 hebdomadaire du samedi de Siby est de loin le plus grand du sud-ouest de Bamako. C&rsquo;est l\u00e0 que les commer\u00e7ants de Bamako affluent pour acheter, selon la saison, des mangues, des arachides, du charbon de bois et autres. Le samedi, la population de Siby double ou triple m\u00eame. De nombreux fonctionnaires ont t\u00f4t fait de s&rsquo;approprier des terrains en bordure de la route. Certaines parties de la Route Nationale se transforment en un long village-rue.<\/p>\n<\/div>\n\n\n\n<div class=\"wp-block-column is-layout-flow wp-block-column-is-layout-flow\" style=\"flex-basis:33.33%\">\n<figure class=\"wp-block-image size-full is-resized\"><img loading=\"lazy\" decoding=\"async\" width=\"705\" height=\"871\" src=\"https:\/\/caas-mali.de\/wp-content\/uploads\/2023\/08\/Mande.jpg\" alt=\"\" class=\"wp-image-1237\" style=\"width:321px;height:auto\" srcset=\"https:\/\/caas-mali.de\/wp-content\/uploads\/2023\/08\/Mande.jpg 705w, https:\/\/caas-mali.de\/wp-content\/uploads\/2023\/08\/Mande-243x300.jpg 243w\" sizes=\"auto, (max-width: 705px) 100vw, 705px\" \/><figcaption class=\"wp-element-caption\">Karte: W. Straub 2022<\/figcaption><\/figure>\n<\/div>\n<\/div>\n\n\n\n<p class=\"wp-block-paragraph\">Depuis 2022, la route terrestre vers la Guin\u00e9e a pris un nouveau poids pour le Mali. La CEDEAO avait pris des sanctions contre la junte malienne et ferm\u00e9 de nombreuses fronti\u00e8res pour la contraindre \u00e0 revenir \u00e0 l&rsquo;ordre constitutionnel. La Guin\u00e9e a cependant laiss\u00e9 sa fronti\u00e8re ouverte. Le port de Conakry permettait de contourner les sanctions. Depuis, le trafic n&rsquo;a fait qu&rsquo;augmenter, y compris pour le mat\u00e9riel militaire.<\/p>\n\n\n\n<p class=\"wp-block-paragraph\"><strong>La commune rurale de Siby<\/strong> comprend, outre Kalassa, 20 autres villages et, selon le dernier recensement, une population d&rsquo;environ 26 600 habitants. La commune est situ\u00e9e dans la plaine au sud des monts Mandingo, une cha\u00eene de montagnes de gr\u00e8s atteignant pr\u00e8s de 500 m\u00e8tres de haut, que l&rsquo;\u00e9rosion a fa\u00e7onn\u00e9e en collines et falaises dramatiques.<\/p>\n\n\n\n<p class=\"wp-block-paragraph\"><strong>Le village de Kalassa<\/strong> compte environ 1000 habitants r\u00e9partis en une cinquantaine de familles \u00e9largies de plusieurs g\u00e9n\u00e9rations. Beaucoup d&rsquo;hommes sont en exode, c&rsquo;est-\u00e0-dire qu&rsquo;ils ont \u00e9migr\u00e9. Certains travaillent depuis des ann\u00e9es en Espagne et ne rentrent au pays que tous les deux ans. Aujourd&rsquo;hui, les jeunes hommes sont surtout attir\u00e9s par l&rsquo;orpaillage pr\u00e8s de Kor\u00e9mal\u00e9, \u00e0 la fronti\u00e8re avec la Guin\u00e9e. Les hommes \u00e2g\u00e9s cultivent du ma\u00efs, du mil et du coton \u00e0 c\u00f4t\u00e9 de leurs manguiers ; les femmes cultivent surtout des arachides et quelques l\u00e9gumes \u00e0 proximit\u00e9 des fermes. En outre, elles ramassent des noix de karit\u00e9 et \u00e9l\u00e8vent un peu de petit b\u00e9tail. La modernisation est pass\u00e9e presque inaper\u00e7ue aupr\u00e8s de la population autochtone. La pauvret\u00e9 rurale est palpable partout.<\/p>\n\n\n\n<p class=\"wp-block-paragraph\"><\/p>\n","protected":false},"excerpt":{"rendered":"<p>Le Mali, pays enclav\u00e9 d&rsquo;Afrique de l&rsquo;Ouest, a une superficie de plus de 1,2 million de kilom\u00e8tres carr\u00e9s, soit environ trois fois celle de l&rsquo;Allemagne. &#8230; <\/p>\n<p class=\"read-more-container\"><a title=\"Situation\" class=\"read-more button\" href=\"https:\/\/caas-mali.de\/fr\/situation\/#more-3737\" aria-label=\"En savoir plus sur Situation\">weiterlesen<\/a><\/p>\n","protected":false},"author":2,"featured_media":0,"parent":0,"menu_order":0,"comment_status":"closed","ping_status":"closed","template":"","meta":{"_acf_changed":false,"_crdt_document":"","footnotes":""},"class_list":["post-3737","page","type-page","status-publish"],"acf":[],"_links":{"self":[{"href":"https:\/\/caas-mali.de\/fr\/wp-json\/wp\/v2\/pages\/3737","targetHints":{"allow":["GET"]}}],"collection":[{"href":"https:\/\/caas-mali.de\/fr\/wp-json\/wp\/v2\/pages"}],"about":[{"href":"https:\/\/caas-mali.de\/fr\/wp-json\/wp\/v2\/types\/page"}],"author":[{"embeddable":true,"href":"https:\/\/caas-mali.de\/fr\/wp-json\/wp\/v2\/users\/2"}],"replies":[{"embeddable":true,"href":"https:\/\/caas-mali.de\/fr\/wp-json\/wp\/v2\/comments?post=3737"}],"version-history":[{"count":2,"href":"https:\/\/caas-mali.de\/fr\/wp-json\/wp\/v2\/pages\/3737\/revisions"}],"predecessor-version":[{"id":3739,"href":"https:\/\/caas-mali.de\/fr\/wp-json\/wp\/v2\/pages\/3737\/revisions\/3739"}],"wp:attachment":[{"href":"https:\/\/caas-mali.de\/fr\/wp-json\/wp\/v2\/media?parent=3737"}],"curies":[{"name":"wp","href":"https:\/\/api.w.org\/{rel}","templated":true}]}}